{"id":41,"date":"2019-08-02T14:28:04","date_gmt":"2019-08-02T12:28:04","guid":{"rendered":"http:\/\/schuetzengildelohhof.de\/?page_id=41"},"modified":"2026-02-08T11:28:51","modified_gmt":"2026-02-08T10:28:51","slug":"mitgliedschaft","status":"publish","type":"page","link":"https:\/\/schuetzengildelohhof.de\/?page_id=41","title":{"rendered":"Mitgliedschaft"},"content":{"rendered":"\n<p>Wir freuen uns sehr \u00fcber neue Mitglieder in unserem Verein!<\/p>\n\n\n\n<p>Bei uns kommt neben Sport und Leistung auch der Spa\u00df und die Gemeinschaft nicht zu kurz!<\/p>\n\n\n\n<p>Wenn du Interesse am Schie\u00dfsport hast, dann besuche uns in unserem Sch\u00fctzenheim,<\/p>\n\n\n\n<p><strong>&#8222;Haus der Vereine&#8220; (UG), Birkenstr. 2, 85716 Unterschlei\u00dfheim<\/strong><\/p>\n\n\n\n<p>ruf uns an,<\/p>\n\n\n\n<p><strong>Georg Forstner (Sport- und Jugendleiter), 0160\/7277980<\/strong><\/p>\n\n\n\n<p>oder schreibe uns eine <strong><a href=\"mailto:webmaster@gilde-lohhof.de\">E-mail<\/a><\/strong>.<\/p>\n\n\n\n<p>Wir beantworten dir alle deine Fragen rund um unseren Verein und unseren Sport.<\/p>\n\n\n\n<p>Zu einem Schnupperschie\u00dfen bist du jederzeit Willkommen! Das dazu n\u00f6tige Zubeh\u00f6r stellt der Verein zur Verf\u00fcgung, f\u00fcr alle Altersklassen ist etwas dabei geboten.<\/p>\n\n\n\n<p>F\u00fcr 0-12 J\u00e4hrige bieten wir Lichtgewehr- und Lichtpistolenschie\u00dfen an, f\u00fcr Alle ab 12 Jahren k\u00f6nnen wir Luftgewehre und Luftpistolen anbieten.<\/p>\n\n\n\n<p>M\u00f6chtest du Mitglied in unserem Verein werden, dann kannst du einen Antrag bei uns stellen!<\/p>\n\n\n\n<ul class=\"wp-block-list\">\n<li> <a href=\"http:\/\/schuetzengildelohhof.de\/wp-content\/uploads\/2019\/09\/Aufnahme-Antrag_20190318.pdf\">Antrag zur Mitgliedschaft<\/a> <\/li>\n<\/ul>\n\n\n\n<p>Das sind unsere Geb\u00fchren:<\/p>\n\n\n\n<p><strong>Aufnahmegeb\u00fchren (in Euro)<\/strong><\/p>\n\n\n\n<figure class=\"wp-block-table\"><table><tbody><tr><td>Sch\u00fctzen und Junioren (18 Jahre und \u00e4lter)<\/td><td>15,-<\/td><\/tr><tr><td>Jugend und Sch\u00fcler (10 &#8211; 16 Jahre)<\/td><td>0,-<\/td><\/tr><\/tbody><\/table><\/figure>\n\n\n\n<h4 class=\"wp-block-heading\">Jahres-Mitgliedsbeitr\u00e4ge (in Euro)<\/h4>\n\n\n\n<figure class=\"wp-block-table alignfull\"><table><thead><tr><th>&nbsp;<\/th><th>Klassen-<br>einteilung<\/th><th class=\"has-text-align-center\" data-align=\"center\">Jahres-<br>beitrag<\/th><th class=\"has-text-align-center\" data-align=\"center\">Halbjahres-<br>beitrag<\/th><\/tr><\/thead><tbody><tr><td>Einzelperson<\/td><td>Sch\u00fctzenklasse &nbsp; <\/td><td class=\"has-text-align-center\" data-align=\"center\">85,-<\/td><td class=\"has-text-align-center\" data-align=\"center\">42,50<\/td><\/tr><tr><td>&nbsp;<\/td><td>Sch\u00fcler und Jugend <\/td><td class=\"has-text-align-center\" data-align=\"center\">20,-<\/td><td class=\"has-text-align-center\" data-align=\"center\">10,-<\/td><\/tr><tr><td>&nbsp;<\/td><td>Junioren (18 -21)<\/td><td class=\"has-text-align-center\" data-align=\"center\">36,-<\/td><td class=\"has-text-align-center\" data-align=\"center\">18,-<\/td><\/tr><tr><td>Ehepaare (ohne Kinder<br>als Mitglieder)<\/td><td>Sch\u00fctzenklasse<\/td><td class=\"has-text-align-center\" data-align=\"center\">130,-<\/td><td class=\"has-text-align-center\" data-align=\"center\">65,-<\/td><\/tr><tr><td>Kinder von Mitgliedern<\/td><td>Junioren (18 &#8211; 21)<\/td><td class=\"has-text-align-center\" data-align=\"center\">18,-<\/td><td class=\"has-text-align-center\" data-align=\"center\">9,-<\/td><\/tr><tr><td>Kinder von Mitgliedern<\/td><td>Sch\u00fcler \/ Jugend<\/td><td class=\"has-text-align-center\" data-align=\"center\">12,-<\/td><td class=\"has-text-align-center\" data-align=\"center\">6,-<\/td><\/tr><\/tbody><\/table><\/figure>\n\n\n\n<p>Der Betrag f\u00fcr Zweitmitglieder betr\u00e4gt 80% des vergleichbaren Jahresbetrags der Erstmitglieder.<\/p>\n\n\n\n<p>Die Aufnahme bei der Scharfsch\u00fctzenabteilung ist aktuell nicht m\u00f6glich!<\/p>\n\n\n\n<h4 class=\"wp-block-heading\">Aufnahmegeb\u00fchren in die Scharfsch\u00fctzenabteilung (in Euro) (ab 01.01.2024: keine Neuaufnahme m\u00f6glich)<\/h4>\n\n\n\n<figure class=\"wp-block-table\"><table><tbody><tr><td>Sch\u00fctzen<\/td><td class=\"has-text-align-center\" data-align=\"center\">25,-<\/td><\/tr><tr><td>Jugendliche (16 &#8211; 18 Jahre)<\/td><td class=\"has-text-align-center\" data-align=\"center\">12,50<\/td><\/tr><\/tbody><\/table><\/figure>\n\n\n\n<h4 class=\"wp-block-heading\">Beitr\u00e4ge f\u00fcr die Scharfsch\u00fctzenabteilung (in Euro) (ab 01.01.2024: 0,- extra)<\/h4>\n\n\n\n<figure class=\"wp-block-table\"><table><thead><tr><th>&nbsp;<\/th><th>Jahres-<br>beitrag<\/th><th>Halbjahres-<br>beitrag<\/th><\/tr><\/thead><tbody><tr><td>Sch\u00fctzen<\/td><td>70,- extra<\/td><td>30,- extra<\/td><\/tr><tr><td>Junioren (18 &#8211; 20 Jahre)<\/td><td>25,- extra<\/td><td>17,- extra<\/td><\/tr><tr><td>Sch\u00fcler \/ Jugend<\/td><td>23,- extra<\/td><td>15,- extra<\/td><\/tr><\/tbody><\/table><\/figure>\n\n\n\n<p><\/p>\n\n\n\n<hr class=\"wp-block-separator has-alpha-channel-opacity\"\/>\n\n\n\n<p><strong>Hinweise an Spendende<\/strong><br><br>Spenden an gemeinn\u00fctzige Vereine bis 300 Euro pro Einzelzahlung k\u00f6nnen beim Finanzamt steuerlich ohne offizielle Spendenbescheinigung geltend gemacht werden (sog. Kleinbetragsregelung). Als Nachweis gen\u00fcgen der Kontoauszug, der \u00dcberweisungstr\u00e4ger oder ein Barzahlungsbeleg des Vereins in Kombination mit einem Beleg des Vereins (z.B. ein Aufdruck auf dem \u00dcberweisungstr\u00e4ger), aus dem der Verwendungszweck, die Gemeinn\u00fctzigkeit und die Art der Zahlung hervorgehen (nachstehende Ausf\u00fchrung auf gesondertem Blatt ausgedruckt gen\u00fcgt).<br><br>Wir sind wegen F\u00f6rderung sportlicher \u00dcbungen und Leistungen nach dem letzten uns zugegangenen Freistellungsbescheid bzw. nach der Anlage zum K\u00f6rperschaftsteuerbescheid des Finanzamtes M\u00fcnchen f\u00fcr K\u00f6rperschaften, StNr. 143\/221\/40046, vom 23. 09. 2024 f\u00fcr den letzten Veranlagungszeitraum 2021 bis 2023 nach \u00a7 5 Abs. 1 Nr. 9 des K\u00f6rperschaftsteuergesetzes von der K\u00f6rperschaftsteuer und nach \u00a7 3 Nr. 6 des Gewerbesteuergesetzes von der Gewerbesteuer befreit. Gespendete Mittel werden ausschlie\u00dflich und unmittelbar f\u00fcr die satzungsm\u00e4\u00dfigen Zwecke verwendet.<\/p>\n","protected":false},"excerpt":{"rendered":"<p>Wir freuen uns sehr \u00fcber neue Mitglieder in unserem Verein! Bei uns kommt neben Sport und Leistung auch der Spa\u00df und die Gemeinschaft nicht zu kurz! Wenn du Interesse am [&hellip;]<\/p>\n","protected":false},"author":1,"featured_media":0,"parent":0,"menu_order":0,"comment_status":"closed","ping_status":"closed","template":"","meta":{"footnotes":""},"class_list":["post-41","page","type-page","status-publish","hentry"],"_links":{"self":[{"href":"https:\/\/schuetzengildelohhof.de\/index.php?rest_route=\/wp\/v2\/pages\/41","targetHints":{"allow":["GET"]}}],"collection":[{"href":"https:\/\/schuetzengildelohhof.de\/index.php?rest_route=\/wp\/v2\/pages"}],"about":[{"href":"https:\/\/schuetzengildelohhof.de\/index.php?rest_route=\/wp\/v2\/types\/page"}],"author":[{"embeddable":true,"href":"https:\/\/schuetzengildelohhof.de\/index.php?rest_route=\/wp\/v2\/users\/1"}],"replies":[{"embeddable":true,"href":"https:\/\/schuetzengildelohhof.de\/index.php?rest_route=%2Fwp%2Fv2%2Fcomments&post=41"}],"version-history":[{"count":9,"href":"https:\/\/schuetzengildelohhof.de\/index.php?rest_route=\/wp\/v2\/pages\/41\/revisions"}],"predecessor-version":[{"id":1191,"href":"https:\/\/schuetzengildelohhof.de\/index.php?rest_route=\/wp\/v2\/pages\/41\/revisions\/1191"}],"wp:attachment":[{"href":"https:\/\/schuetzengildelohhof.de\/index.php?rest_route=%2Fwp%2Fv2%2Fmedia&parent=41"}],"curies":[{"name":"wp","href":"https:\/\/api.w.org\/{rel}","templated":true}]}}